{"id":9029,"date":"2026-08-26T07:40:00","date_gmt":"2026-08-26T05:40:00","guid":{"rendered":"https:\/\/residiaimmobilier.lu\/?page_id=9029"},"modified":"2026-08-29T11:18:24","modified_gmt":"2026-08-29T09:18:24","slug":"non-liste-off-market","status":"publish","type":"page","link":"https:\/\/residiaimmobilier.lu\/?page_id=9029","title":{"rendered":"Non list\u00e9s"},"content":{"rendered":"\n<h6 class=\"wp-block-heading\">Biens immobiliers disponibles \u00e0 la vente. <\/h6>\n\n\n\n<!--more-->\n\n\n\n<h5 class=\"wp-block-heading\"><strong>R\u00e9sidentiel<\/strong><\/h5>\n\n\n\n<ul class=\"wp-block-list\">\n<li><strong>Mamer<\/strong> :\n<ul class=\"wp-block-list\">\n<li>Studio<\/li>\n\n\n\n<li>Appartement <\/li>\n\n\n\n<li>Appartement CM (co\u00fbt mod\u00e9r\u00e9)<\/li>\n<\/ul>\n<\/li>\n\n\n\n<li><strong>Luxembourg-ville<\/strong> : Immeuble de rapport <em>(locataires en place)<\/em><\/li>\n<\/ul>\n\n\n\n<div style=\"height:20px\" aria-hidden=\"true\" class=\"wp-block-spacer\"><\/div>\n\n\n\n<h5 class=\"wp-block-heading\"><strong>Commercial<\/strong><\/h5>\n\n\n\n<ul class=\"wp-block-list\">\n<li><strong>Mamer<\/strong> : Commerce \/ Bureau<\/li>\n\n\n\n<li><strong>Luxembourg-ville<\/strong> : Immeuble de rapport mixte<\/li>\n<\/ul>\n\n\n\n<div style=\"height:30px\" aria-hidden=\"true\" class=\"wp-block-spacer\"><\/div>\n\n\n\n<p class=\"has-small-font-size wp-block-paragraph\"><em>mis \u00e0 jour : 2026-07-10<\/em><\/p>\n\n\n\n<div style=\"height:20px\" aria-hidden=\"true\" class=\"wp-block-spacer\"><\/div>\n\n\n\n<p class=\"has-text-align-center wp-block-paragraph\" style=\"font-size:17px\"><mark style=\"background-color:rgba(0, 0, 0, 0)\" class=\"has-inline-color has-black-color\">Renseignements et visites :<\/mark><\/p>\n\n\n\n<div class=\"wp-block-group is-vertical is-content-justification-center is-layout-flex wp-container-core-group-is-layout-524f8de7 wp-block-group-is-layout-flex\">\n<p class=\"has-text-align-center wp-block-paragraph\"><strong>RESIDIA<\/strong> IMMOBILIER<\/p>\n\n\n\n<p class=\"has-text-align-center wp-block-paragraph\">T\u00e9l. (+352) <strong>691 567 010<\/strong>  <\/p>\n\n\n\n<div style=\"height:0px\" aria-hidden=\"true\" class=\"wp-block-spacer wp-container-content-16d1eb73\"><\/div>\n<\/div>\n","protected":false},"excerpt":{"rendered":"<p>Biens immobiliers disponibles \u00e0 la vente.<\/p>\n","protected":false},"author":1,"featured_media":0,"parent":0,"menu_order":0,"comment_status":"closed","ping_status":"closed","template":"","meta":{"footnotes":""},"class_list":["post-9029","page","type-page","status-publish","czr-hentry"],"_links":{"self":[{"href":"https:\/\/residiaimmobilier.lu\/index.php?rest_route=\/wp\/v2\/pages\/9029","targetHints":{"allow":["GET"]}}],"collection":[{"href":"https:\/\/residiaimmobilier.lu\/index.php?rest_route=\/wp\/v2\/pages"}],"about":[{"href":"https:\/\/residiaimmobilier.lu\/index.php?rest_route=\/wp\/v2\/types\/page"}],"author":[{"embeddable":true,"href":"https:\/\/residiaimmobilier.lu\/index.php?rest_route=\/wp\/v2\/users\/1"}],"replies":[{"embeddable":true,"href":"https:\/\/residiaimmobilier.lu\/index.php?rest_route=%2Fwp%2Fv2%2Fcomments&post=9029"}],"version-history":[{"count":60,"href":"https:\/\/residiaimmobilier.lu\/index.php?rest_route=\/wp\/v2\/pages\/9029\/revisions"}],"predecessor-version":[{"id":11141,"href":"https:\/\/residiaimmobilier.lu\/index.php?rest_route=\/wp\/v2\/pages\/9029\/revisions\/11141"}],"wp:attachment":[{"href":"https:\/\/residiaimmobilier.lu\/index.php?rest_route=%2Fwp%2Fv2%2Fmedia&parent=9029"}],"curies":[{"name":"wp","href":"https:\/\/api.w.org\/{rel}","templated":true}]}}